{"id":3652,"date":"2020-03-04T16:34:54","date_gmt":"2020-03-04T16:34:54","guid":{"rendered":"http:\/\/nuevo.lumendigital.cl\/?page_id=3652"},"modified":"2023-10-18T16:32:51","modified_gmt":"2023-10-18T16:32:51","slug":"investigacion","status":"publish","type":"page","link":"https:\/\/organizacionentheos.com\/en\/investigacion\/","title":{"rendered":"Blog"},"content":{"rendered":"<section class=\"l-section wpb_row us_custom_a7aad6fd height_auto color_primary with_img parallax_ver parallaxdir_reversed with_overlay\"><div class=\"l-section-img\" style=\"background-image: url(https:\/\/organizacionentheos.com\/wp-content\/uploads\/2020\/03\/section-bg-4b.jpg);\" data-img-width=\"1920\" data-img-height=\"1080\"><\/div><div class=\"l-section-overlay\" style=\"background: rgba(0,0,0,0.5)\"><\/div><div class=\"l-section-h i-cf\"><div class=\"g-cols vc_row type_default valign_top\"><div class=\"vc_col-sm-8 wpb_column vc_column_container\"><div class=\"vc_column-inner\"><div class=\"wpb_wrapper\"><div class=\"w-separator size_huge\"><\/div><div class=\"wpb_text_column us_custom_93dcf93c\"><div class=\"wpb_wrapper\"><h2 style=\"font-size: 30px; letter-spacing: 10px; font-weight: 400; line-height: 1,8; text-align: left; opacity: .9; font-family: Dosis, arial, sans-serif; margin: 0.67em 0;\">BLOG ENTHEOS<\/h2>\n<p style=\"font-size: 14px; letter-spacing: 4px; font-weight: 400; line-height: 140%; text-align: left; font-family: Dosis, arial, sans-serif; color: rgba(255,255,255, .85); text-transform: none;\"><em>El punto de encuentro de la ciencia, la espiritualidad y el misticismo<\/em><\/p>\n<\/div><\/div><div class=\"w-separator size_huge\"><\/div><\/div><\/div><\/div><div class=\"vc_col-sm-4 wpb_column vc_column_container\"><div class=\"vc_column-inner\"><div class=\"wpb_wrapper\"><div class=\"w-separator size_huge\"><\/div><ol class=\"g-breadcrumbs us_custom_c8e7cea5 separator_custom align_right\" itemscope itemtype=\"http:\/\/schema.org\/BreadcrumbList\"><li class=\"g-breadcrumbs-item\" itemprop=\"itemListElement\" itemscope itemtype=\"http:\/\/schema.org\/ListItem\"><a itemprop=\"item\" href=\"https:\/\/organizacionentheos.com\/en\/\"><span itemprop=\"name\">Entheos<\/span><\/a><meta itemprop=\"position\" content=\"1\"\/><\/li><li class=\"g-breadcrumbs-separator\">\/<\/li><li class=\"g-breadcrumbs-item\">Pages<\/li><\/ol><\/div><\/div><\/div><\/div><\/div><\/section><section class=\"l-section wpb_row height_medium with_overlay\"><div class=\"l-section-overlay\" style=\"background: #f2ebe4\"><\/div><div class=\"l-section-h i-cf\"><div class=\"g-cols vc_row type_default valign_top\"><div class=\"vc_col-sm-12 wpb_column vc_column_container\"><div class=\"vc_column-inner\"><div class=\"wpb_wrapper\"><div class=\"w-grid us_custom_a1e6215d type_grid layout_blog_8 overflow_hidden\" id=\"us_grid_1\"><style id=\"us_grid_1_css\">#us_grid_1 .w-grid-item:not(:last-child){margin-bottom:1.5rem}#us_grid_1 .g-loadmore{margin-top:1.5rem}@media (min-width:1024px){#us_grid_1 .w-post-elm.post_title{font-size:13px!important}}<\/style><style>.layout_blog_8 .w-grid-item-h{}@media(max-width:599px){.layout_blog_8 .usg_post_date_1{display:none!important}}@media(max-width:599px){.layout_blog_8 .usg_post_content_1{display:none!important}}.layout_blog_8 .usg_post_image_1{width:50%!important}.layout_blog_8 .usg_vwrapper_1{width:50%!important;margin-right:0!important}.layout_blog_8 .usg_hwrapper_2{margin-bottom:0!important}.layout_blog_8 .usg_post_taxonomy_1{font-size:14px!important;line-height:1.4!important;font-weight:700!important;text-transform:uppercase!important;margin-right:0.8rem!important}.layout_blog_8 .usg_post_date_1{color:#777777!important;font-size:14px!important;line-height:1.4!important}.layout_blog_8 .usg_post_title_1{color:#5a3722!important;background:#f2ebe4!important;font-size:1.8rem!important;line-height:1.2!important;margin-right:-35%!important;margin-bottom:0!important;padding-top:1rem!important;padding-right:1.2rem!important;padding-bottom:1rem!important}.layout_blog_8 .usg_post_content_1{font-size:0.9rem!important;line-height:1.6!important;padding-right:1.5rem!important}@media (max-width:600px){.layout_blog_8 .usg_post_title_1{font-size:1.2rem!important;margin-right:0!important;padding-bottom:0!important}}<\/style><div class=\"w-grid-list\"><article class=\"w-grid-item size_1x1 post-5041 post type-post status-publish format-standard has-post-thumbnail hentry category-reflexion\" data-id=\"5041\">\n\t<div class=\"w-grid-item-h\">\n\t\t\t\t<div class=\"w-hwrapper usg_hwrapper_1 align_left valign_top \"><div class=\"w-vwrapper usg_vwrapper_1 align_left valign_top \"><div class=\"w-hwrapper usg_hwrapper_2 align_left valign_top wrap \"><div class=\"w-post-elm post_taxonomy usg_post_taxonomy_1 style_simple\"><a href=\"https:\/\/organizacionentheos.com\/en\/category\/reflexion\/\">Reflexi\u00f3n<\/a><\/div><time class=\"w-post-elm post_date usg_post_date_1 entry-date published\" datetime=\"2025-05-06T03:37:35+00:00\" title=\"6 May 2025 at 03:37:35 +00:00\">6 May 2025<\/time><\/div><h2 class=\"w-post-elm post_title usg_post_title_1 entry-title color_link_inherit has_text_color\"><a href=\"https:\/\/organizacionentheos.com\/en\/eleva-tu-frecuencia\/\">Eleva Tu Frecuencia: Un ViAJE HACIA LA PROFUNDIDAD DEL SER<\/a><\/h2><div class=\"w-post-elm post_content usg_post_content_1\">Eleva Tu Frecuencia: Un Viaje hacia la Profundidad del Ser En el vasto viaje de la vida, nos encontramos constantemente entre la luz y&hellip;<\/div><\/div><div class=\"w-post-elm post_image usg_post_image_1 stretched has_width\"><a href=\"https:\/\/organizacionentheos.com\/en\/eleva-tu-frecuencia\/\" aria-label=\"Eleva Tu Frecuencia: Un ViAJE HACIA LA PROFUNDIDAD DEL SER\"><img loading=\"lazy\" decoding=\"async\" width=\"1280\" height=\"1280\" src=\"https:\/\/organizacionentheos.com\/wp-content\/uploads\/2025\/05\/WhatsApp-Image-2025-05-05-at-23.19.43-1.jpeg\" class=\"attachment-us_600_600_crop size-us_600_600_crop wp-post-image\" alt=\"Eleva tu Frecuencia\" srcset=\"https:\/\/organizacionentheos.com\/wp-content\/uploads\/2025\/05\/WhatsApp-Image-2025-05-05-at-23.19.43-1.jpeg 1280w, https:\/\/organizacionentheos.com\/wp-content\/uploads\/2025\/05\/WhatsApp-Image-2025-05-05-at-23.19.43-1-300x300.jpeg 300w, https:\/\/organizacionentheos.com\/wp-content\/uploads\/2025\/05\/WhatsApp-Image-2025-05-05-at-23.19.43-1-1024x1024.jpeg 1024w, https:\/\/organizacionentheos.com\/wp-content\/uploads\/2025\/05\/WhatsApp-Image-2025-05-05-at-23.19.43-1-150x150.jpeg 150w\" sizes=\"auto, (max-width: 1280px) 100vw, 1280px\" \/><\/a><\/div><\/div>\t<\/div>\n<\/article>\n<article class=\"w-grid-item size_1x1 post-5035 post type-post status-publish format-standard has-post-thumbnail hentry category-adicciones category-adicciones-2 category-reflexion category-investigacion category-sin-categoria\" data-id=\"5035\">\n\t<div class=\"w-grid-item-h\">\n\t\t\t\t<div class=\"w-hwrapper usg_hwrapper_1 align_left valign_top \"><div class=\"w-vwrapper usg_vwrapper_1 align_left valign_top \"><div class=\"w-hwrapper usg_hwrapper_2 align_left valign_top wrap \"><div class=\"w-post-elm post_taxonomy usg_post_taxonomy_1 style_simple\"><a href=\"https:\/\/organizacionentheos.com\/en\/category\/investigacion\/adicciones\/\">Adicciones<\/a>, <a href=\"https:\/\/organizacionentheos.com\/en\/category\/adicciones-2\/\">Adicciones<\/a>, <a href=\"https:\/\/organizacionentheos.com\/en\/category\/reflexion\/\">Reflexi\u00f3n<\/a>, <a href=\"https:\/\/organizacionentheos.com\/en\/category\/investigacion\/\">Investigaci\u00f3n<\/a>, <a href=\"https:\/\/organizacionentheos.com\/en\/category\/sin-categoria\/\">Sin categor\u00eda<\/a><\/div><time class=\"w-post-elm post_date usg_post_date_1 entry-date published\" datetime=\"2025-03-31T23:08:54+00:00\" title=\"31 March 2025 at 23:08:54 +00:00\">31 Mar 2025<\/time><\/div><h2 class=\"w-post-elm post_title usg_post_title_1 entry-title color_link_inherit has_text_color\"><a href=\"https:\/\/organizacionentheos.com\/en\/programa-de-terapia-asistida-con-plantas-ancestrales-y-psicoterapia\/\">PROGRAMA DE TERAPIA ASISTIDA CON PLANTAS ANCESTRALES Y PSICOTERAPIA (RETIRO DE 3 LUNAS)<\/a><\/h2><div class=\"w-post-elm post_content usg_post_content_1\"><p>Programa de Terapia asistida<\/p>\n<\/div><\/div><div class=\"w-post-elm post_image usg_post_image_1 stretched has_width\"><a href=\"https:\/\/organizacionentheos.com\/en\/programa-de-terapia-asistida-con-plantas-ancestrales-y-psicoterapia\/\" aria-label=\"PROGRAMA DE TERAPIA ASISTIDA CON PLANTAS ANCESTRALES Y PSICOTERAPIA (RETIRO DE 3 LUNAS)\"><img loading=\"lazy\" decoding=\"async\" width=\"641\" height=\"635\" src=\"https:\/\/organizacionentheos.com\/wp-content\/uploads\/2025\/03\/IMAGEN-ADICCIONES.jpg\" class=\"attachment-us_600_600_crop size-us_600_600_crop wp-post-image\" alt=\"\" srcset=\"https:\/\/organizacionentheos.com\/wp-content\/uploads\/2025\/03\/IMAGEN-ADICCIONES.jpg 641w, https:\/\/organizacionentheos.com\/wp-content\/uploads\/2025\/03\/IMAGEN-ADICCIONES-300x297.jpg 300w, https:\/\/organizacionentheos.com\/wp-content\/uploads\/2025\/03\/IMAGEN-ADICCIONES-150x150.jpg 150w\" sizes=\"auto, (max-width: 641px) 100vw, 641px\" \/><\/a><\/div><\/div>\t<\/div>\n<\/article>\n<article class=\"w-grid-item size_1x1 post-5028 post type-post status-publish format-standard has-post-thumbnail hentry category-reflexion category-investigacion category-sin-categoria\" data-id=\"5028\">\n\t<div class=\"w-grid-item-h\">\n\t\t\t\t<div class=\"w-hwrapper usg_hwrapper_1 align_left valign_top \"><div class=\"w-vwrapper usg_vwrapper_1 align_left valign_top \"><div class=\"w-hwrapper usg_hwrapper_2 align_left valign_top wrap \"><div class=\"w-post-elm post_taxonomy usg_post_taxonomy_1 style_simple\"><a href=\"https:\/\/organizacionentheos.com\/en\/category\/reflexion\/\">Reflexi\u00f3n<\/a>, <a href=\"https:\/\/organizacionentheos.com\/en\/category\/investigacion\/\">Investigaci\u00f3n<\/a>, <a href=\"https:\/\/organizacionentheos.com\/en\/category\/sin-categoria\/\">Sin categor\u00eda<\/a><\/div><time class=\"w-post-elm post_date usg_post_date_1 entry-date published\" datetime=\"2025-03-28T23:49:24+00:00\" title=\"28 March 2025 at 23:49:24 +00:00\">28 Mar 2025<\/time><\/div><h2 class=\"w-post-elm post_title usg_post_title_1 entry-title color_link_inherit has_text_color\"><a href=\"https:\/\/organizacionentheos.com\/en\/las-adicciones-mas-alla-de-la-dependencia\/\">Las Adicciones: M\u00e1s All\u00e1 de la Dependencia<\/a><\/h2><div class=\"w-post-elm post_content usg_post_content_1\"><p>Las adicciones mas all\u00e1 de la dependencia-<\/p>\n<\/div><\/div><div class=\"w-post-elm post_image usg_post_image_1 stretched has_width\"><a href=\"https:\/\/organizacionentheos.com\/en\/las-adicciones-mas-alla-de-la-dependencia\/\" aria-label=\"Las Adicciones: M\u00e1s All\u00e1 de la Dependencia\"><img loading=\"lazy\" decoding=\"async\" width=\"642\" height=\"637\" src=\"https:\/\/organizacionentheos.com\/wp-content\/uploads\/2025\/03\/IMAGEN-ADICCIONES-2.jpg\" class=\"attachment-us_600_600_crop size-us_600_600_crop wp-post-image\" alt=\"\" srcset=\"https:\/\/organizacionentheos.com\/wp-content\/uploads\/2025\/03\/IMAGEN-ADICCIONES-2.jpg 642w, https:\/\/organizacionentheos.com\/wp-content\/uploads\/2025\/03\/IMAGEN-ADICCIONES-2-300x298.jpg 300w, https:\/\/organizacionentheos.com\/wp-content\/uploads\/2025\/03\/IMAGEN-ADICCIONES-2-150x150.jpg 150w\" sizes=\"auto, (max-width: 642px) 100vw, 642px\" \/><\/a><\/div><\/div>\t<\/div>\n<\/article>\n<article class=\"w-grid-item size_1x1 post-4935 post type-post status-publish format-standard has-post-thumbnail hentry category-constelacion-familiar category-reflexion category-investigacion\" data-id=\"4935\">\n\t<div class=\"w-grid-item-h\">\n\t\t\t\t<div class=\"w-hwrapper usg_hwrapper_1 align_left valign_top \"><div class=\"w-vwrapper usg_vwrapper_1 align_left valign_top \"><div class=\"w-hwrapper usg_hwrapper_2 align_left valign_top wrap \"><div class=\"w-post-elm post_taxonomy usg_post_taxonomy_1 style_simple\"><a href=\"https:\/\/organizacionentheos.com\/en\/category\/constelacion-familiar\/\">Constelaci\u00f3n familiar<\/a>, <a href=\"https:\/\/organizacionentheos.com\/en\/category\/reflexion\/\">Reflexi\u00f3n<\/a>, <a href=\"https:\/\/organizacionentheos.com\/en\/category\/investigacion\/\">Investigaci\u00f3n<\/a><\/div><time class=\"w-post-elm post_date usg_post_date_1 entry-date published\" datetime=\"2024-11-12T21:04:55+00:00\" title=\"12 November 2024 at 21:04:55 +00:00\">12 Nov 2024<\/time><\/div><h2 class=\"w-post-elm post_title usg_post_title_1 entry-title color_link_inherit has_text_color\"><a href=\"https:\/\/organizacionentheos.com\/en\/constelaciones-familiares-sanacion-ancestral\/\">CONSTELACIONES FAMILIARES: SANACION  ANCESTRAL<\/a><\/h2><div class=\"w-post-elm post_content usg_post_content_1\"><p>CONSTELACIONES FAMILIARES:  SANACION ANCESTRAL<\/p>\n<\/div><\/div><div class=\"w-post-elm post_image usg_post_image_1 stretched has_width\"><a href=\"https:\/\/organizacionentheos.com\/en\/constelaciones-familiares-sanacion-ancestral\/\" aria-label=\"CONSTELACIONES FAMILIARES: SANACION  ANCESTRAL\"><img loading=\"lazy\" decoding=\"async\" width=\"1024\" height=\"1024\" src=\"https:\/\/organizacionentheos.com\/wp-content\/uploads\/2024\/11\/WhatsApp-Image-2024-11-11-at-23.18.51.jpeg\" class=\"attachment-us_600_600_crop size-us_600_600_crop wp-post-image\" alt=\"\" srcset=\"https:\/\/organizacionentheos.com\/wp-content\/uploads\/2024\/11\/WhatsApp-Image-2024-11-11-at-23.18.51.jpeg 1024w, https:\/\/organizacionentheos.com\/wp-content\/uploads\/2024\/11\/WhatsApp-Image-2024-11-11-at-23.18.51-300x300.jpeg 300w, https:\/\/organizacionentheos.com\/wp-content\/uploads\/2024\/11\/WhatsApp-Image-2024-11-11-at-23.18.51-150x150.jpeg 150w\" sizes=\"auto, (max-width: 1024px) 100vw, 1024px\" \/><\/a><\/div><\/div>\t<\/div>\n<\/article>\n<article class=\"w-grid-item size_1x1 post-4897 post type-post status-publish format-standard has-post-thumbnail hentry category-reflexion category-investigacion tag-autoayuda tag-emocionales tag-heridas tag-primordiales tag-retiros tag-sanacion\" data-id=\"4897\">\n\t<div class=\"w-grid-item-h\">\n\t\t\t\t<div class=\"w-hwrapper usg_hwrapper_1 align_left valign_top \"><div class=\"w-vwrapper usg_vwrapper_1 align_left valign_top \"><div class=\"w-hwrapper usg_hwrapper_2 align_left valign_top wrap \"><div class=\"w-post-elm post_taxonomy usg_post_taxonomy_1 style_simple\"><a href=\"https:\/\/organizacionentheos.com\/en\/category\/reflexion\/\">Reflexi\u00f3n<\/a>, <a href=\"https:\/\/organizacionentheos.com\/en\/category\/investigacion\/\">Investigaci\u00f3n<\/a><\/div><time class=\"w-post-elm post_date usg_post_date_1 entry-date published\" datetime=\"2024-07-23T00:16:10+00:00\" title=\"23 July 2024 at 00:16:10 +00:00\">23 Jul 2024<\/time><\/div><h2 class=\"w-post-elm post_title usg_post_title_1 entry-title color_link_inherit has_text_color\"><a href=\"https:\/\/organizacionentheos.com\/en\/heridas-emocionales-primordiales\/\">HERIDAS EMOCIONALES PRIMORDIALES<\/a><\/h2><div class=\"w-post-elm post_content usg_post_content_1\">Las heridas emocionales primordiales son esas experiencias dolorosas que vivimos en la infancia y que nos marcan profundamente, influyendo en c\u00f3mo nos sentimos y&hellip;<\/div><\/div><div class=\"w-post-elm post_image usg_post_image_1 stretched has_width\"><a href=\"https:\/\/organizacionentheos.com\/en\/heridas-emocionales-primordiales\/\" aria-label=\"HERIDAS EMOCIONALES PRIMORDIALES\"><img loading=\"lazy\" decoding=\"async\" width=\"1366\" height=\"768\" src=\"https:\/\/organizacionentheos.com\/wp-content\/uploads\/2024\/07\/Post-Heridas-emocionales-primordiales.jpeg\" class=\"attachment-us_600_600_crop size-us_600_600_crop wp-post-image\" alt=\"\" srcset=\"https:\/\/organizacionentheos.com\/wp-content\/uploads\/2024\/07\/Post-Heridas-emocionales-primordiales.jpeg 1366w, https:\/\/organizacionentheos.com\/wp-content\/uploads\/2024\/07\/Post-Heridas-emocionales-primordiales-300x169.jpeg 300w, https:\/\/organizacionentheos.com\/wp-content\/uploads\/2024\/07\/Post-Heridas-emocionales-primordiales-1024x576.jpeg 1024w\" sizes=\"auto, (max-width: 1366px) 100vw, 1366px\" \/><\/a><\/div><\/div>\t<\/div>\n<\/article>\n<article class=\"w-grid-item size_1x1 post-4892 post type-post status-publish format-standard has-post-thumbnail hentry category-reflexion category-testimonios\" data-id=\"4892\">\n\t<div class=\"w-grid-item-h\">\n\t\t\t\t<div class=\"w-hwrapper usg_hwrapper_1 align_left valign_top \"><div class=\"w-vwrapper usg_vwrapper_1 align_left valign_top \"><div class=\"w-hwrapper usg_hwrapper_2 align_left valign_top wrap \"><div class=\"w-post-elm post_taxonomy usg_post_taxonomy_1 style_simple\"><a href=\"https:\/\/organizacionentheos.com\/en\/category\/reflexion\/\">Reflexi\u00f3n<\/a>, <a href=\"https:\/\/organizacionentheos.com\/en\/category\/testimonios\/\">Testimonios<\/a><\/div><time class=\"w-post-elm post_date usg_post_date_1 entry-date published\" datetime=\"2024-04-30T00:47:14+00:00\" title=\"30 April 2024 at 00:47:14 +00:00\">30 Apr 2024<\/time><\/div><h2 class=\"w-post-elm post_title usg_post_title_1 entry-title color_link_inherit has_text_color\"><a href=\"https:\/\/organizacionentheos.com\/en\/ayahuasca-mi-experiencia-y-visiones-testimonio\/\">AYAHUASCA MI EXPERIENCIA Y VISIONES.TESTIMONIO<\/a><\/h2><div class=\"w-post-elm post_content usg_post_content_1\">HOLA QUERIDO LECTOR. MI NOMBRE ES GISSA LAVIN, Y SI HAS LLEGADO A ESTE ARTICULO SEGURAMENTE TIENES CURIOSIDAD DE SABER QUE EXPERIMENTE, Y VI&hellip;<\/div><\/div><div class=\"w-post-elm post_image usg_post_image_1 stretched has_width\"><a href=\"https:\/\/organizacionentheos.com\/en\/ayahuasca-mi-experiencia-y-visiones-testimonio\/\" aria-label=\"AYAHUASCA MI EXPERIENCIA Y VISIONES.TESTIMONIO\"><img loading=\"lazy\" decoding=\"async\" width=\"960\" height=\"960\" src=\"https:\/\/organizacionentheos.com\/wp-content\/uploads\/2024\/04\/Gissa-Mi-experiencia-con-Ayahuasca.jpg\" class=\"attachment-us_600_600_crop size-us_600_600_crop wp-post-image\" alt=\"\" srcset=\"https:\/\/organizacionentheos.com\/wp-content\/uploads\/2024\/04\/Gissa-Mi-experiencia-con-Ayahuasca.jpg 960w, https:\/\/organizacionentheos.com\/wp-content\/uploads\/2024\/04\/Gissa-Mi-experiencia-con-Ayahuasca-300x300.jpg 300w, https:\/\/organizacionentheos.com\/wp-content\/uploads\/2024\/04\/Gissa-Mi-experiencia-con-Ayahuasca-150x150.jpg 150w\" sizes=\"auto, (max-width: 960px) 100vw, 960px\" \/><\/a><\/div><\/div>\t<\/div>\n<\/article>\n<article class=\"w-grid-item size_1x1 post-4867 post type-post status-publish format-standard has-post-thumbnail hentry category-testimonios category-investigacion tag-minidosis-ayahuasca\" data-id=\"4867\">\n\t<div class=\"w-grid-item-h\">\n\t\t\t\t<div class=\"w-hwrapper usg_hwrapper_1 align_left valign_top \"><div class=\"w-vwrapper usg_vwrapper_1 align_left valign_top \"><div class=\"w-hwrapper usg_hwrapper_2 align_left valign_top wrap \"><div class=\"w-post-elm post_taxonomy usg_post_taxonomy_1 style_simple\"><a href=\"https:\/\/organizacionentheos.com\/en\/category\/testimonios\/\">Testimonios<\/a>, <a href=\"https:\/\/organizacionentheos.com\/en\/category\/investigacion\/\">Investigaci\u00f3n<\/a><\/div><time class=\"w-post-elm post_date usg_post_date_1 entry-date published\" datetime=\"2024-04-08T23:32:47+00:00\" title=\"8 April 2024 at 23:32:47 +00:00\">8 Apr 2024<\/time><\/div><h2 class=\"w-post-elm post_title usg_post_title_1 entry-title color_link_inherit has_text_color\"><a href=\"https:\/\/organizacionentheos.com\/en\/minidosis-de-ayahuasca-una-experiencia-transformadora\/\">Minidosis de Ayahuasca: Una experiencia Transformadora<\/a><\/h2><div class=\"w-post-elm post_content usg_post_content_1\">Minidosis de Ayahuasca: Una experiencia Transformadora La ayahuasca, una poderosa mezcla de plantas utilizada tradicionalmente en rituales amaz\u00f3nicos y en Retiros con enfoque psicoterap\u00e9uticos&hellip;<\/div><\/div><div class=\"w-post-elm post_image usg_post_image_1 stretched has_width\"><a href=\"https:\/\/organizacionentheos.com\/en\/minidosis-de-ayahuasca-una-experiencia-transformadora\/\" aria-label=\"Minidosis de Ayahuasca: Una experiencia Transformadora\"><img loading=\"lazy\" decoding=\"async\" width=\"678\" height=\"508\" src=\"https:\/\/organizacionentheos.com\/wp-content\/uploads\/2024\/04\/WhatsApp-Image-2023-11-01-at-20.54.08-3.jpeg\" class=\"attachment-us_600_600_crop size-us_600_600_crop wp-post-image\" alt=\"\" srcset=\"https:\/\/organizacionentheos.com\/wp-content\/uploads\/2024\/04\/WhatsApp-Image-2023-11-01-at-20.54.08-3.jpeg 678w, https:\/\/organizacionentheos.com\/wp-content\/uploads\/2024\/04\/WhatsApp-Image-2023-11-01-at-20.54.08-3-300x225.jpeg 300w\" sizes=\"auto, (max-width: 678px) 100vw, 678px\" \/><\/a><\/div><\/div>\t<\/div>\n<\/article>\n<article class=\"w-grid-item size_1x1 post-4850 post type-post status-publish format-standard has-post-thumbnail hentry category-reflexion category-investigacion\" data-id=\"4850\">\n\t<div class=\"w-grid-item-h\">\n\t\t\t\t<div class=\"w-hwrapper usg_hwrapper_1 align_left valign_top \"><div class=\"w-vwrapper usg_vwrapper_1 align_left valign_top \"><div class=\"w-hwrapper usg_hwrapper_2 align_left valign_top wrap \"><div class=\"w-post-elm post_taxonomy usg_post_taxonomy_1 style_simple\"><a href=\"https:\/\/organizacionentheos.com\/en\/category\/reflexion\/\">Reflexi\u00f3n<\/a>, <a href=\"https:\/\/organizacionentheos.com\/en\/category\/investigacion\/\">Investigaci\u00f3n<\/a><\/div><time class=\"w-post-elm post_date usg_post_date_1 entry-date published\" datetime=\"2024-03-08T21:11:07+00:00\" title=\"8 March 2024 at 21:11:07 +00:00\">8 Mar 2024<\/time><\/div><h2 class=\"w-post-elm post_title usg_post_title_1 entry-title color_link_inherit has_text_color\"><a href=\"https:\/\/organizacionentheos.com\/en\/beneficios-de-un-retiro-con-ayahuasca-y-sesiones-psicoterapeuticas\/\">Beneficios de un Retiro con Ayahuasca y Sesiones Psicoterap\u00e9uticas<\/a><\/h2><div class=\"w-post-elm post_content usg_post_content_1\">Explorando los Profundos Beneficios de un Retiro con Ayahuasca y Sesiones Psicoterap\u00e9uticas En un mundo cada vez m\u00e1s saturado de estr\u00e9s y ansiedad, la&hellip;<\/div><\/div><div class=\"w-post-elm post_image usg_post_image_1 stretched has_width\"><a href=\"https:\/\/organizacionentheos.com\/en\/beneficios-de-un-retiro-con-ayahuasca-y-sesiones-psicoterapeuticas\/\" aria-label=\"Beneficios de un Retiro con Ayahuasca y Sesiones Psicoterap\u00e9uticas\"><img loading=\"lazy\" decoding=\"async\" width=\"954\" height=\"1280\" src=\"https:\/\/organizacionentheos.com\/wp-content\/uploads\/2024\/03\/WhatsApp-Image-2024-03-08-at-17.48.59.jpeg\" class=\"attachment-us_600_600_crop size-us_600_600_crop wp-post-image\" alt=\"\" srcset=\"https:\/\/organizacionentheos.com\/wp-content\/uploads\/2024\/03\/WhatsApp-Image-2024-03-08-at-17.48.59.jpeg 954w, https:\/\/organizacionentheos.com\/wp-content\/uploads\/2024\/03\/WhatsApp-Image-2024-03-08-at-17.48.59-224x300.jpeg 224w, https:\/\/organizacionentheos.com\/wp-content\/uploads\/2024\/03\/WhatsApp-Image-2024-03-08-at-17.48.59-763x1024.jpeg 763w\" sizes=\"auto, (max-width: 954px) 100vw, 954px\" \/><\/a><\/div><\/div>\t<\/div>\n<\/article>\n<article class=\"w-grid-item size_1x1 post-4630 post type-post status-publish format-standard has-post-thumbnail hentry category-investigacion\" data-id=\"4630\">\n\t<div class=\"w-grid-item-h\">\n\t\t\t\t<div class=\"w-hwrapper usg_hwrapper_1 align_left valign_top \"><div class=\"w-vwrapper usg_vwrapper_1 align_left valign_top \"><div class=\"w-hwrapper usg_hwrapper_2 align_left valign_top wrap \"><div class=\"w-post-elm post_taxonomy usg_post_taxonomy_1 style_simple\"><a href=\"https:\/\/organizacionentheos.com\/en\/category\/investigacion\/\">Investigaci\u00f3n<\/a><\/div><time class=\"w-post-elm post_date usg_post_date_1 entry-date published\" datetime=\"2023-08-28T22:30:22+00:00\" title=\"28 August 2023 at 22:30:22 +00:00\">28 Aug 2023<\/time><\/div><h2 class=\"w-post-elm post_title usg_post_title_1 entry-title color_link_inherit has_text_color\"><a href=\"https:\/\/organizacionentheos.com\/en\/geometria-sagrada-en-la-meditacion\/\">Explorando la Geometr\u00eda Sagrada EN LA MEDITACION<\/a><\/h2><div class=\"w-post-elm post_content usg_post_content_1\">Explorando la Geometr\u00eda Sagrada: C\u00f3mo Aplicarla en la Meditaci\u00f3n para Profundizar tu Experiencia La meditaci\u00f3n es una pr\u00e1ctica ancestral que busca el equilibrio, la&hellip;<\/div><\/div><div class=\"w-post-elm post_image usg_post_image_1 stretched has_width\"><a href=\"https:\/\/organizacionentheos.com\/en\/geometria-sagrada-en-la-meditacion\/\" aria-label=\"Explorando la Geometr\u00eda Sagrada EN LA MEDITACION\"><img loading=\"lazy\" decoding=\"async\" width=\"1600\" height=\"1201\" src=\"https:\/\/organizacionentheos.com\/wp-content\/uploads\/2023\/08\/set-solidos-platonicos-geometria-sagrada.jpeg\" class=\"attachment-us_600_600_crop size-us_600_600_crop wp-post-image\" alt=\"\" srcset=\"https:\/\/organizacionentheos.com\/wp-content\/uploads\/2023\/08\/set-solidos-platonicos-geometria-sagrada.jpeg 1600w, https:\/\/organizacionentheos.com\/wp-content\/uploads\/2023\/08\/set-solidos-platonicos-geometria-sagrada-300x225.jpeg 300w, https:\/\/organizacionentheos.com\/wp-content\/uploads\/2023\/08\/set-solidos-platonicos-geometria-sagrada-1024x769.jpeg 1024w, https:\/\/organizacionentheos.com\/wp-content\/uploads\/2023\/08\/set-solidos-platonicos-geometria-sagrada-1536x1153.jpeg 1536w\" sizes=\"auto, (max-width: 1600px) 100vw, 1600px\" \/><\/a><\/div><\/div>\t<\/div>\n<\/article>\n<article class=\"w-grid-item size_1x1 post-4558 post type-post status-publish format-standard has-post-thumbnail hentry category-testimonios tag-adiccion tag-ayahuasca tag-testimonios\" data-id=\"4558\">\n\t<div class=\"w-grid-item-h\">\n\t\t\t\t<div class=\"w-hwrapper usg_hwrapper_1 align_left valign_top \"><div class=\"w-vwrapper usg_vwrapper_1 align_left valign_top \"><div class=\"w-hwrapper usg_hwrapper_2 align_left valign_top wrap \"><div class=\"w-post-elm post_taxonomy usg_post_taxonomy_1 style_simple\"><a href=\"https:\/\/organizacionentheos.com\/en\/category\/testimonios\/\">Testimonios<\/a><\/div><time class=\"w-post-elm post_date usg_post_date_1 entry-date published\" datetime=\"2023-07-31T21:49:48+00:00\" title=\"31 July 2023 at 21:49:48 +00:00\">31 Jul 2023<\/time><\/div><h2 class=\"w-post-elm post_title usg_post_title_1 entry-title color_link_inherit has_text_color\"><a href=\"https:\/\/organizacionentheos.com\/en\/testimonio-adiccion-drogas-duras-y-sanacion-espiritual\/\">JACQUELINE LEIVA: TESTIMONIO DE SUPERACION A LA ADICCION DE DROGAS DURAS Y SU SANACION ESPIRITUAL.<\/a><\/h2><div class=\"w-post-elm post_content usg_post_content_1\">Testimonio Sanacion espiritual JACQUELINE LEIVA: TESTIMONIO DE UNA GRAN MUJER QUE HA SUPERADO LA ADICCION A LAS DROGAS DURAS COMENZANDO SU SANACION ESPIRITUAL. &#8220;En&hellip;<\/div><\/div><div class=\"w-post-elm post_image usg_post_image_1 stretched has_width\"><a href=\"https:\/\/organizacionentheos.com\/en\/testimonio-adiccion-drogas-duras-y-sanacion-espiritual\/\" aria-label=\"JACQUELINE LEIVA: TESTIMONIO DE SUPERACION A LA ADICCION DE DROGAS DURAS Y SU SANACION ESPIRITUAL.\"><img loading=\"lazy\" decoding=\"async\" width=\"660\" height=\"487\" src=\"https:\/\/organizacionentheos.com\/wp-content\/uploads\/2023\/07\/79458619_490858715120468_518067794286215168_n-e1690840680500.jpg\" class=\"attachment-us_600_600_crop size-us_600_600_crop wp-post-image\" alt=\"\" srcset=\"https:\/\/organizacionentheos.com\/wp-content\/uploads\/2023\/07\/79458619_490858715120468_518067794286215168_n-e1690840680500.jpg 660w, https:\/\/organizacionentheos.com\/wp-content\/uploads\/2023\/07\/79458619_490858715120468_518067794286215168_n-e1690840680500-300x221.jpg 300w\" sizes=\"auto, (max-width: 660px) 100vw, 660px\" \/><\/a><\/div><\/div>\t<\/div>\n<\/article>\n<\/div>\t<div class=\"w-grid-json hidden\" onclick='return {&quot;ajax_url&quot;:&quot;https:\\\/\\\/organizacionentheos.com\\\/wp-admin\\\/admin-ajax.php&quot;,&quot;permalink_url&quot;:&quot;https:\\\/\\\/organizacionentheos.com\\\/en\\\/testimonio-adiccion-drogas-duras-y-sanacion-espiritual\\\/&quot;,&quot;action&quot;:&quot;us_ajax_grid&quot;,&quot;max_num_pages&quot;:2,&quot;infinite_scroll&quot;:0,&quot;template_vars&quot;:{&quot;query_args&quot;:{&quot;post_type&quot;:[&quot;post&quot;],&quot;tax_query&quot;:[{&quot;taxonomy&quot;:&quot;category&quot;,&quot;field&quot;:&quot;slug&quot;,&quot;terms&quot;:[&quot;reflexion&quot;,&quot;testimonios&quot;,&quot;investigacion&quot;,&quot;sin-categoria&quot;,&quot;uncategorized&quot;]}],&quot;post_status&quot;:[&quot;publish&quot;,&quot;acf-disabled&quot;],&quot;orderby&quot;:{&quot;date&quot;:&quot;DESC&quot;},&quot;posts_per_page&quot;:&quot;10&quot;},&quot;post_id&quot;:3652,&quot;us_grid_index&quot;:1,&quot;us_grid_ajax_index&quot;:1,&quot;exclude_items&quot;:&quot;none&quot;,&quot;items_offset&quot;:&quot;1&quot;,&quot;items_layout&quot;:&quot;blog_8&quot;,&quot;type&quot;:&quot;grid&quot;,&quot;columns&quot;:&quot;1&quot;,&quot;img_size&quot;:&quot;default&quot;,&quot;overriding_link&quot;:&quot;none&quot;}}'><\/div>\n<\/div><\/div><\/div><\/div><\/div><\/div><\/section><section class=\"l-section wpb_row height_medium with_overlay\"><div class=\"l-section-overlay\" style=\"background: #f2ebe4\"><\/div><div class=\"l-section-h i-cf\"><div class=\"g-cols vc_row type_default valign_top\"><div class=\"vc_col-sm-12 wpb_column vc_column_container\"><div class=\"vc_column-inner\"><div class=\"wpb_wrapper\"><div class=\"w-separator size_small with_line width_default thick_1 style_solid color_border align_center\"><div class=\"w-separator-h\"><\/div><\/div><div class=\"g-cols wpb_row  type_default valign_top vc_inner\"><div class=\"vc_col-sm-1\/5 wpb_column vc_column_container\"><div class=\"vc_column-inner\"><div class=\"wpb_wrapper\"><div class=\"w-image align_center\"><div class=\"w-image-h\"><img loading=\"lazy\" decoding=\"async\" width=\"370\" height=\"200\" src=\"https:\/\/organizacionentheos.com\/wp-content\/uploads\/2020\/03\/post-prev-1.jpg\" class=\"attachment-full size-full\" alt=\"\" srcset=\"https:\/\/organizacionentheos.com\/wp-content\/uploads\/2020\/03\/post-prev-1.jpg 370w, https:\/\/organizacionentheos.com\/wp-content\/uploads\/2020\/03\/post-prev-1-300x162.jpg 300w\" sizes=\"auto, (max-width: 370px) 100vw, 370px\" \/><\/div><\/div><div class=\"w-separator size_small\"><\/div><div class=\"wpb_text_column\"><div class=\"wpb_wrapper\"><div class=\"post-prev-title font-alt\"><a href=\"http:\/\/www.organizacionentheos.com\/que-es-entheos\/\">\u00bfQU\u00c9 ES ENTHEOS?<\/a><\/div>\n<div class=\"post-prev-info font-alt\"><a href=\"http:\/\/www.organizacionentheos.com\/que-es-entheos\/\">SOFIA RODRIGUEZ<\/a>\u00a0| 10 DECEMBER<\/div>\n<\/div><\/div><div class=\"w-separator size_small\"><\/div><div class=\"wpb_text_column\"><div class=\"wpb_wrapper\"><p>Del griego \u1f14\u03bd\u03b8\u03b5\u03bf\u03c2, Dios o divinidad interna,\u00a0<strong><span class=\"bold\">Entheos<\/span><\/strong>\u00a0es un movimiento de consciencia basado en la naturaleza expansiva y evolutiva del ser humano a trav\u00e9s del autoconocimiento individual y colectivo de todas las dimensiones del ser. El movimiento busca llevar consciencia a todos los \u00e1mbitos de la existencia humana, as\u00ed como planetaria, para que en el simple acto de conocernos a nosotros mismos tengamos la experiencia de comprendernos, amarnos y estar presentes.<\/p>\n<\/div><\/div><div class=\"w-separator size_small\"><\/div><div class=\"w-btn-wrapper width_auto align_right\"><a class=\"w-btn us-btn-style_2\" href=\"http:\/\/www.organizacionentheos.com\/que-es-entheos\/\"><span class=\"w-btn-label\">Leer m\u00e1s<\/span><\/a><\/div><\/div><\/div><\/div><div class=\"vc_col-sm-1\/5 wpb_column vc_column_container\"><div class=\"vc_column-inner\"><div class=\"wpb_wrapper\"><div class=\"w-image align_center\"><div class=\"w-image-h\"><img loading=\"lazy\" decoding=\"async\" width=\"370\" height=\"300\" src=\"https:\/\/organizacionentheos.com\/wp-content\/uploads\/2020\/03\/post-prev-2.jpg\" class=\"attachment-full size-full\" alt=\"\" srcset=\"https:\/\/organizacionentheos.com\/wp-content\/uploads\/2020\/03\/post-prev-2.jpg 370w, https:\/\/organizacionentheos.com\/wp-content\/uploads\/2020\/03\/post-prev-2-300x243.jpg 300w\" sizes=\"auto, (max-width: 370px) 100vw, 370px\" \/><\/div><\/div><div class=\"w-separator size_small\"><\/div><div class=\"wpb_text_column\"><div class=\"wpb_wrapper\"><div class=\"post-prev-title font-alt\"><a href=\"http:\/\/www.organizacionentheos.com\/el-proceso\/\">E L P R O C E S O<\/a><\/div>\n<div class=\"post-prev-info font-alt\"><a href=\"http:\/\/www.organizacionentheos.com\/el-proceso\/\">SOFIA RODRIGUEZ<\/a> | 9 DECEMBER<\/div>\n<\/div><\/div><div class=\"wpb_text_column\"><div class=\"wpb_wrapper\"><p>\u201cLa claridad no provee respuestas, la claridad disuelve las preguntas.\u201d<\/p>\n<div class=\"col-sm-8\">\n<div class=\"row masonry\">\n<div class=\"col-md-6 col-lg-6 mb-60 mb-xs-40\">\n<div class=\"post-prev-text\"><strong><span class=\"bold\">La B\u00fasqueda<\/span><\/strong><br \/>\nComienzo buscando respuestas afuera, respuestas a lo que suced\u00eda y nos suced\u00eda, respuestas al porqu\u00e9 del sufrimiento, la angustia, el dolor y la escasez, intentando comprender. De alguna forma, algo se enciende en el interior que motiva emprender el viaje en la b\u00fasqueda de alguien o algo que responda, que gu\u00ede, que diga lo que hay que hacer. El foco est\u00e1 hacia afuera, en la incapacidad de ver la propia potencialidad. Esta incapacidad que est\u00e1 fundada en lo que vimos y aprendimos, lo que elegimos creer.<\/div>\n<\/div>\n<\/div>\n<\/div>\n<div class=\"col-sm-4 col-md-3 col-md-offset-1 sidebar\">\n<div class=\"widget\"><\/div>\n<\/div>\n<\/div><\/div><div class=\"w-separator size_small\"><\/div><div class=\"w-btn-wrapper width_auto align_right\"><a class=\"w-btn us-btn-style_2\" href=\"http:\/\/www.organizacionentheos.com\/el-proceso\/\"><span class=\"w-btn-label\">Leer m\u00e1s<\/span><\/a><\/div><\/div><\/div><\/div><div class=\"vc_col-sm-1\/5 wpb_column vc_column_container\"><div class=\"vc_column-inner\"><div class=\"wpb_wrapper\"><div class=\"w-image align_center\"><div class=\"w-image-h\"><img loading=\"lazy\" decoding=\"async\" width=\"1280\" height=\"721\" src=\"https:\/\/organizacionentheos.com\/wp-content\/uploads\/2023\/06\/WhatsApp-Image-2023-06-15-at-17.41.56-1.jpeg\" class=\"attachment-full size-full\" alt=\"\" srcset=\"https:\/\/organizacionentheos.com\/wp-content\/uploads\/2023\/06\/WhatsApp-Image-2023-06-15-at-17.41.56-1.jpeg 1280w, https:\/\/organizacionentheos.com\/wp-content\/uploads\/2023\/06\/WhatsApp-Image-2023-06-15-at-17.41.56-1-300x169.jpeg 300w, https:\/\/organizacionentheos.com\/wp-content\/uploads\/2023\/06\/WhatsApp-Image-2023-06-15-at-17.41.56-1-1024x577.jpeg 1024w\" sizes=\"auto, (max-width: 1280px) 100vw, 1280px\" \/><\/div><\/div><div class=\"w-separator size_small\"><\/div><div class=\"wpb_text_column\"><div class=\"wpb_wrapper\"><div class=\"post-prev-title font-alt\"><a href=\"https:\/\/www.organizacionentheos.com\/proposito-del-alma-descubrimiento-trascendente\/\">CUAL ES NUESTRO PROPOSITO DEL ALMA<\/a><\/div>\n<div class=\"post-prev-info font-alt\"><a href=\"https:\/\/www.organizacionentheos.com\/proposito-del-alma-descubrimiento-trascendente\/\">ORIANA SALAS<\/a> | 15 JUNE<\/div>\n<\/div><\/div><div class=\"wpb_text_column\"><div class=\"wpb_wrapper\"><p>El prop\u00f3sito del alma es la creencia de que cada uno de nosotros tiene una misi\u00f3n \u00fanica en esta vida. Va m\u00e1s all\u00e1 de los roles cotidianos y nos conecta con algo m\u00e1s grande. Descubrir nuestro prop\u00f3sito implica autoconocimiento, crecimiento personal y servicio a los dem\u00e1s. Tambi\u00e9n implica vivir aut\u00e9nticamente, en alineaci\u00f3n con nuestros valores y pasiones.<\/p>\n<\/div><\/div><div class=\"w-separator size_small\"><\/div><div class=\"w-btn-wrapper width_auto align_right\"><a class=\"w-btn us-btn-style_2\" href=\"https:\/\/www.organizacionentheos.com\/proposito-del-alma-descubrimiento-trascendente\/\" title=\"CUAL ES NUESTRO PROP\u00d2SITO DEL ALMA?\"><span class=\"w-btn-label\">Leer m\u00e1s<\/span><\/a><\/div><\/div><\/div><\/div><div class=\"vc_col-sm-1\/5 wpb_column vc_column_container\"><div class=\"vc_column-inner\"><div class=\"wpb_wrapper\"><div class=\"w-image align_center\"><div class=\"w-image-h\"><img loading=\"lazy\" decoding=\"async\" width=\"231\" height=\"300\" src=\"https:\/\/organizacionentheos.com\/wp-content\/uploads\/2023\/06\/WhatsApp-Image-2023-06-19-at-13.40.31-1-231x300.jpeg\" class=\"attachment-medium size-medium\" alt=\"\" srcset=\"https:\/\/organizacionentheos.com\/wp-content\/uploads\/2023\/06\/WhatsApp-Image-2023-06-19-at-13.40.31-1-231x300.jpeg 231w, https:\/\/organizacionentheos.com\/wp-content\/uploads\/2023\/06\/WhatsApp-Image-2023-06-19-at-13.40.31-1-790x1024.jpeg 790w, https:\/\/organizacionentheos.com\/wp-content\/uploads\/2023\/06\/WhatsApp-Image-2023-06-19-at-13.40.31-1.jpeg 987w\" sizes=\"auto, (max-width: 231px) 100vw, 231px\" \/><\/div><\/div><div class=\"w-separator size_small\"><\/div><div class=\"wpb_text_column\"><div class=\"wpb_wrapper\"><div class=\"post-prev-title font-alt\"><a href=\"https:\/\/www.organizacionentheos.com\/observando-el-miedo-al-miedo\/\">OBSERVANDO EL MIEDO AL MIEDO<\/a><\/div>\n<div class=\"post-prev-info font-alt\"><a href=\"https:\/\/www.organizacionentheos.com\/observando-el-miedo-al-miedo\/\">ORIANA SALAS<\/a> | 19 JUNE<\/div>\n<\/div><\/div><div class=\"wpb_text_column\"><div class=\"wpb_wrapper\"><p>El miedo al miedo en un proceso de evoluci\u00f3n interior se refiere a la resistencia que podemos experimentar al enfrentarnos a nuestros propios miedos. Es la aprehensi\u00f3n o temor adicional que surge al pensar en la posibilidad de experimentar el miedo en s\u00ed mismo.<\/p>\n<\/div><\/div><div class=\"w-separator size_small\"><\/div><div class=\"w-btn-wrapper width_auto align_right\"><a class=\"w-btn us-btn-style_2\" href=\"https:\/\/www.organizacionentheos.com\/observando-el-miedo-al-miedo\/\" title=\"OBSERVANDO EL MIEDO AL MIEDO\"><span class=\"w-btn-label\">Leer m\u00e1s<\/span><\/a><\/div><\/div><\/div><\/div><div class=\"vc_col-sm-1\/5 wpb_column vc_column_container\"><div class=\"vc_column-inner\"><div class=\"wpb_wrapper\"><div class=\"w-image align_center\"><div class=\"w-image-h\"><img loading=\"lazy\" decoding=\"async\" width=\"300\" height=\"300\" src=\"https:\/\/organizacionentheos.com\/wp-content\/uploads\/2023\/06\/WhatsApp-Image-2023-06-27-at-21.46.31-300x300.jpeg\" class=\"attachment-medium size-medium\" alt=\"\" srcset=\"https:\/\/organizacionentheos.com\/wp-content\/uploads\/2023\/06\/WhatsApp-Image-2023-06-27-at-21.46.31-300x300.jpeg 300w, https:\/\/organizacionentheos.com\/wp-content\/uploads\/2023\/06\/WhatsApp-Image-2023-06-27-at-21.46.31-1024x1024.jpeg 1024w, https:\/\/organizacionentheos.com\/wp-content\/uploads\/2023\/06\/WhatsApp-Image-2023-06-27-at-21.46.31-150x150.jpeg 150w, https:\/\/organizacionentheos.com\/wp-content\/uploads\/2023\/06\/WhatsApp-Image-2023-06-27-at-21.46.31-e1687917972977.jpeg 250w\" sizes=\"auto, (max-width: 300px) 100vw, 300px\" \/><\/div><\/div><div class=\"w-separator size_small\"><\/div><div class=\"wpb_text_column\"><div class=\"wpb_wrapper\"><div class=\"post-prev-title font-alt\"><a href=\"https:\/\/www.organizacionentheos.com\/retiros-de-evolucion-interior\/\">RETIROS DE EVOLUCI\u00d3N INTERIOR Y EVOLUCION DE CONSCIENCIA\u00a0<\/a><\/div>\n<div class=\"post-prev-info font-alt\"><a href=\"https:\/\/www.organizacionentheos.com\/observando-el-miedo-al-miedo\/\">ORIANA SALAS<\/a> | 27 JUNE<\/div>\n<\/div><\/div><div class=\"wpb_text_column\"><div class=\"wpb_wrapper\"><p>ES HORA DE DESPERTAR! Bienvenidos todos al Retiro de Evoluci\u00f3n Interior y Expansi\u00f3n de Consciencia con terapias ancestrales. Un espacio sagrado dise\u00f1ado para acompa\u00f1ar tu viaje hacia una mayor comprensi\u00f3n de ti mismo y de la vasta dimensi\u00f3n de tu propia consciencia.<\/p>\n<\/div><\/div><div class=\"w-separator size_small\"><\/div><div class=\"w-btn-wrapper width_auto align_right\"><a class=\"w-btn us-btn-style_2\" href=\"https:\/\/www.organizacionentheos.com\/retiros-de-evolucion-interior\/\" title=\"RETIROS DE EVOLUCION INTERIOR\"><span class=\"w-btn-label\">Leer m\u00e1s<\/span><\/a><\/div><\/div><\/div><\/div><\/div><\/div><\/div><\/div><\/div><\/div><\/section>\n","protected":false},"excerpt":{"rendered":"Testimonio Sanacion espiritual JACQUELINE LEIVA: TESTIMONIO DE UNA GRAN MUJER QUE HA SUPERADO LA ADICCION A LAS DROGAS DURAS COMENZANDO SU SANACION ESPIRITUAL. \"En este relato quiero dejar mi testimonio y describir como mi vida se divide antes y despu\u00e9s de la maravillosa experiencia de sanaci\u00f3n espiritual y f\u00edsica, donde encontr\u00e9 el origen del dolor...","protected":false},"author":1,"featured_media":0,"parent":0,"menu_order":0,"comment_status":"closed","ping_status":"closed","template":"","meta":{"_acf_changed":false,"_joinchat":[],"footnotes":""},"class_list":["post-3652","page","type-page","status-publish","hentry"],"acf":[],"yoast_head":"<!-- This site is optimized with the Yoast SEO plugin v26.5 - https:\/\/yoast.com\/wordpress\/plugins\/seo\/ -->\n<title>Blog<\/title>\n<meta name=\"description\" content=\"JACQUELINE LEIVA: TESTIMONIO DE UNA GRAN MUJER QUE HA SUPERADO LA ADICCION A LAS DROGAS DURAS COMENZANDO SU SANACION ESPIRITUAL.\" \/>\n<meta name=\"robots\" content=\"index, follow, max-snippet:-1, max-image-preview:large, max-video-preview:-1\" \/>\n<link rel=\"canonical\" href=\"https:\/\/organizacionentheos.com\/en\/investigacion\/\" \/>\n<meta property=\"og:locale\" content=\"en_US\" \/>\n<meta property=\"og:locale:alternate\" content=\"es_ES\" \/>\n<meta property=\"og:type\" content=\"article\" \/>\n<meta property=\"og:title\" content=\"Blog\" \/>\n<meta property=\"og:url\" content=\"https:\/\/organizacionentheos.com\/en\/testimonio-adiccion-drogas-duras-y-sanacion-espiritual\/\" \/>\n<meta property=\"og:site_name\" content=\"Organizaci\u00f3n Entheos\" \/>\n<meta property=\"article:publisher\" content=\"https:\/\/www.facebook.com\/organizacionentheos\/\" \/>\n<meta property=\"article:modified_time\" content=\"2023-10-18T16:32:51+00:00\" \/>\n<meta name=\"twitter:card\" content=\"summary_large_image\" \/>\n<meta name=\"twitter:label1\" content=\"Est. reading time\" \/>\n\t<meta name=\"twitter:data1\" content=\"3 minutes\" \/>\n<script type=\"application\/ld+json\" class=\"yoast-schema-graph\">{\"@context\":\"https:\/\/schema.org\",\"@graph\":[{\"@type\":\"WebPage\",\"@id\":\"https:\/\/organizacionentheos.com\/investigacion\/\",\"url\":\"https:\/\/organizacionentheos.com\/investigacion\/\",\"name\":\"Blog\",\"isPartOf\":{\"@id\":\"https:\/\/organizacionentheos.com\/#website\"},\"datePublished\":\"2020-03-04T16:34:54+00:00\",\"dateModified\":\"2023-10-18T16:32:51+00:00\",\"breadcrumb\":{\"@id\":\"https:\/\/organizacionentheos.com\/investigacion\/#breadcrumb\"},\"inLanguage\":\"en-US\",\"potentialAction\":[{\"@type\":\"ReadAction\",\"target\":[\"https:\/\/organizacionentheos.com\/investigacion\/\"]}]},{\"@type\":\"BreadcrumbList\",\"@id\":\"https:\/\/organizacionentheos.com\/investigacion\/#breadcrumb\",\"itemListElement\":[{\"@type\":\"ListItem\",\"position\":1,\"name\":\"Portada\",\"item\":\"https:\/\/organizacionentheos.com\/\"},{\"@type\":\"ListItem\",\"position\":2,\"name\":\"Blog\"}]},{\"@type\":\"WebSite\",\"@id\":\"https:\/\/organizacionentheos.com\/#website\",\"url\":\"https:\/\/organizacionentheos.com\/\",\"name\":\"Organizaci\u00f3n Entheos\",\"description\":\"Hecho con amor para grandes personas\",\"publisher\":{\"@id\":\"https:\/\/organizacionentheos.com\/#organization\"},\"potentialAction\":[{\"@type\":\"SearchAction\",\"target\":{\"@type\":\"EntryPoint\",\"urlTemplate\":\"https:\/\/organizacionentheos.com\/?s={search_term_string}\"},\"query-input\":{\"@type\":\"PropertyValueSpecification\",\"valueRequired\":true,\"valueName\":\"search_term_string\"}}],\"inLanguage\":\"en-US\"},{\"@type\":\"Organization\",\"@id\":\"https:\/\/organizacionentheos.com\/#organization\",\"name\":\"Organizaci\u00f3n Entheos\",\"url\":\"https:\/\/organizacionentheos.com\/\",\"logo\":{\"@type\":\"ImageObject\",\"inLanguage\":\"en-US\",\"@id\":\"https:\/\/organizacionentheos.com\/#\/schema\/logo\/image\/\",\"url\":\"https:\/\/organizacionentheos.com\/wp-content\/uploads\/2025\/11\/entheoslogo2025.jpg\",\"contentUrl\":\"https:\/\/organizacionentheos.com\/wp-content\/uploads\/2025\/11\/entheoslogo2025.jpg\",\"width\":1600,\"height\":901,\"caption\":\"Organizaci\u00f3n Entheos\"},\"image\":{\"@id\":\"https:\/\/organizacionentheos.com\/#\/schema\/logo\/image\/\"},\"sameAs\":[\"https:\/\/www.facebook.com\/organizacionentheos\/\",\"https:\/\/www.instagram.com\/entheos_org\",\"https:\/\/www.tiktok.com\/entheos_org\"]}]}<\/script>\n<!-- \/ Yoast SEO plugin. -->","yoast_head_json":{"title":"Blog","description":"JACQUELINE LEIVA: TESTIMONIO DE UNA GRAN MUJER QUE HA SUPERADO LA ADICCION A LAS DROGAS DURAS COMENZANDO SU SANACION ESPIRITUAL.","robots":{"index":"index","follow":"follow","max-snippet":"max-snippet:-1","max-image-preview":"max-image-preview:large","max-video-preview":"max-video-preview:-1"},"canonical":"https:\/\/organizacionentheos.com\/en\/investigacion\/","og_locale":"en_US","og_type":"article","og_title":"[:es]Blog[:] - Organizaci\u00f3n Entheos","og_url":"https:\/\/organizacionentheos.com\/en\/testimonio-adiccion-drogas-duras-y-sanacion-espiritual\/","og_site_name":"Organizaci\u00f3n Entheos","article_publisher":"https:\/\/www.facebook.com\/organizacionentheos\/","article_modified_time":"2023-10-18T16:32:51+00:00","twitter_card":"summary_large_image","twitter_misc":{"Est. reading time":"3 minutes"},"schema":{"@context":"https:\/\/schema.org","@graph":[{"@type":"WebPage","@id":"https:\/\/organizacionentheos.com\/investigacion\/","url":"https:\/\/organizacionentheos.com\/investigacion\/","name":"Blog","isPartOf":{"@id":"https:\/\/organizacionentheos.com\/#website"},"datePublished":"2020-03-04T16:34:54+00:00","dateModified":"2023-10-18T16:32:51+00:00","breadcrumb":{"@id":"https:\/\/organizacionentheos.com\/investigacion\/#breadcrumb"},"inLanguage":"en-US","potentialAction":[{"@type":"ReadAction","target":["https:\/\/organizacionentheos.com\/investigacion\/"]}]},{"@type":"BreadcrumbList","@id":"https:\/\/organizacionentheos.com\/investigacion\/#breadcrumb","itemListElement":[{"@type":"ListItem","position":1,"name":"Portada","item":"https:\/\/organizacionentheos.com\/"},{"@type":"ListItem","position":2,"name":"Blog"}]},{"@type":"WebSite","@id":"https:\/\/organizacionentheos.com\/#website","url":"https:\/\/organizacionentheos.com\/","name":"Organizaci\u00f3n Entheos","description":"Hecho con amor para grandes personas","publisher":{"@id":"https:\/\/organizacionentheos.com\/#organization"},"potentialAction":[{"@type":"SearchAction","target":{"@type":"EntryPoint","urlTemplate":"https:\/\/organizacionentheos.com\/?s={search_term_string}"},"query-input":{"@type":"PropertyValueSpecification","valueRequired":true,"valueName":"search_term_string"}}],"inLanguage":"en-US"},{"@type":"Organization","@id":"https:\/\/organizacionentheos.com\/#organization","name":"Organizaci\u00f3n Entheos","url":"https:\/\/organizacionentheos.com\/","logo":{"@type":"ImageObject","inLanguage":"en-US","@id":"https:\/\/organizacionentheos.com\/#\/schema\/logo\/image\/","url":"https:\/\/organizacionentheos.com\/wp-content\/uploads\/2025\/11\/entheoslogo2025.jpg","contentUrl":"https:\/\/organizacionentheos.com\/wp-content\/uploads\/2025\/11\/entheoslogo2025.jpg","width":1600,"height":901,"caption":"Organizaci\u00f3n Entheos"},"image":{"@id":"https:\/\/organizacionentheos.com\/#\/schema\/logo\/image\/"},"sameAs":["https:\/\/www.facebook.com\/organizacionentheos\/","https:\/\/www.instagram.com\/entheos_org","https:\/\/www.tiktok.com\/entheos_org"]}]}},"_links":{"self":[{"href":"https:\/\/organizacionentheos.com\/en\/wp-json\/wp\/v2\/pages\/3652","targetHints":{"allow":["GET"]}}],"collection":[{"href":"https:\/\/organizacionentheos.com\/en\/wp-json\/wp\/v2\/pages"}],"about":[{"href":"https:\/\/organizacionentheos.com\/en\/wp-json\/wp\/v2\/types\/page"}],"author":[{"embeddable":true,"href":"https:\/\/organizacionentheos.com\/en\/wp-json\/wp\/v2\/users\/1"}],"replies":[{"embeddable":true,"href":"https:\/\/organizacionentheos.com\/en\/wp-json\/wp\/v2\/comments?post=3652"}],"version-history":[{"count":17,"href":"https:\/\/organizacionentheos.com\/en\/wp-json\/wp\/v2\/pages\/3652\/revisions"}],"predecessor-version":[{"id":4778,"href":"https:\/\/organizacionentheos.com\/en\/wp-json\/wp\/v2\/pages\/3652\/revisions\/4778"}],"wp:attachment":[{"href":"https:\/\/organizacionentheos.com\/en\/wp-json\/wp\/v2\/media?parent=3652"}],"curies":[{"name":"wp","href":"https:\/\/api.w.org\/{rel}","templated":true}]}}